{"id":7089,"date":"2024-12-04T22:29:33","date_gmt":"2024-12-05T04:29:33","guid":{"rendered":"https:\/\/elmilagro.org.mx\/st\/?post_type=tribe_events&#038;p=7089"},"modified":"2024-12-04T22:51:14","modified_gmt":"2024-12-05T04:51:14","slug":"nayarit-o-de-como-no-soy-pez-soy-ave-2","status":"publish","type":"tribe_events","link":"https:\/\/elmilagro.org.mx\/st\/funcion\/nayarit-o-de-como-no-soy-pez-soy-ave-2\/","title":{"rendered":"NAYARIT: O DE C\u00d3MO NO SOY PEZ, SOY AVE."},"content":{"rendered":"<p><img loading=\"lazy\" class=\"alignnone size-medium wp-image-7087\" src=\"https:\/\/elmilagro.org.mx\/st\/wp-content\/uploads\/2024\/12\/whatsapp-image-2024-11-19-at-12.50.36-300x300.jpeg\" alt=\"\" width=\"300\" height=\"300\" srcset=\"https:\/\/elmilagro.org.mx\/st\/wp-content\/uploads\/2024\/12\/whatsapp-image-2024-11-19-at-12.50.36-300x300.jpeg 300w, https:\/\/elmilagro.org.mx\/st\/wp-content\/uploads\/2024\/12\/whatsapp-image-2024-11-19-at-12.50.36-1024x1024.jpeg 1024w, https:\/\/elmilagro.org.mx\/st\/wp-content\/uploads\/2024\/12\/whatsapp-image-2024-11-19-at-12.50.36-150x150.jpeg 150w, https:\/\/elmilagro.org.mx\/st\/wp-content\/uploads\/2024\/12\/whatsapp-image-2024-11-19-at-12.50.36-768x768.jpeg 768w, https:\/\/elmilagro.org.mx\/st\/wp-content\/uploads\/2024\/12\/whatsapp-image-2024-11-19-at-12.50.36-1536x1536.jpeg 1536w, https:\/\/elmilagro.org.mx\/st\/wp-content\/uploads\/2024\/12\/whatsapp-image-2024-11-19-at-12.50.36-266x266.jpeg 266w, https:\/\/elmilagro.org.mx\/st\/wp-content\/uploads\/2024\/12\/whatsapp-image-2024-11-19-at-12.50.36.jpeg 1600w\" sizes=\"(max-width: 300px) 100vw, 300px\" \/><\/p>\n<p><span style=\"font-weight: 400;\">Una pieza basada en la memoria; el pasado y el presente de una entidad que contin\u00faa en construcci\u00f3n. Una propuesta que cuestiona la representaci\u00f3n de la mujer Nayarita a trav\u00e9s de una perspectiva \u00edntima y personal. Creada desde el biodrama autobiogr\u00e1fico y la performance; escrita, dirigida y actuada por Zamira Franco con el acompa\u00f1amiento art\u00edstico de Luisa Pardo.<\/span><\/p>\n<p>&nbsp;<\/p>\n<p><span style=\"font-weight: 400;\">ACTUACI\u00d3N, DRAMATURGIA Y DIRECCI\u00d3N: Zamira Franco<\/span><\/p>\n<p><span style=\"font-weight: 400;\">ACOMPA\u00d1AMIENTO ART\u00cdSTICO: Luisa Pardo\u00a0<\/span><\/p>\n<p><span style=\"font-weight: 400;\">ASESOR\u00cdA DE MOVIMIENTO: Evelia Kochen\u00a0<\/span><\/p>\n<p><span style=\"font-weight: 400;\">PRODUCCI\u00d3N: Zamira Franco\u00a0<\/span><\/p>\n<p><span style=\"font-weight: 400;\">CO \u2013 PRODUCCI\u00d3N: Consejo Estatal para la Cultura y las Artes de Nayarit\u00a0<\/span><\/p>\n<p><span style=\"font-weight: 400;\">ASISTENCIA DE PRODUCCI\u00d3N: Antonio Saavedra\u00a0<\/span><\/p>\n<p><span style=\"font-weight: 400;\">DISE\u00d1O DE ILUMINACI\u00d3N:\u00a0Sergio L\u00f3pez Vigueras <\/span><\/p>\n<p>&nbsp;<\/p>\n<p style=\"text-align: center;\"><b>MARTES 10 Y MI\u00c9RCOLES 11 DE DICIEMBRE<\/b><\/p>\n<ul>\n<li style=\"font-weight: 400; text-align: center;\" aria-level=\"1\"><span style=\"font-weight: 400;\">Jueves y Viernes, 20:00 hrs.<\/span><\/li>\n<li style=\"font-weight: 400; text-align: center;\" aria-level=\"1\"><span style=\"font-weight: 400;\">S\u00e1bado, 19:00 hrs.<\/span><\/li>\n<li style=\"font-weight: 400; text-align: center;\" aria-level=\"1\"><span style=\"font-weight: 400;\">Domingo, 18:00 hrs.<\/span><\/li>\n<\/ul>\n<p>&nbsp;<\/p>\n<p>&nbsp;<\/p>\n<p><span style=\"font-weight: 400;\">Entrada General <\/span><b>$150<\/b><\/p>\n<p><span style=\"font-weight: 400;\">Descuento a estudiantes, maestrxs e INSEN: <\/span><b>$100<\/b><\/p>\n","protected":false},"excerpt":{"rendered":"<p>Una pieza basada en la memoria; el pasado y el presente de una entidad que contin\u00faa en construcci\u00f3n. Una propuesta que cuestiona la representaci\u00f3n de la mujer Nayarita a trav\u00e9s de una perspectiva \u00edntima y personal. Creada desde el biodrama autobiogr\u00e1fico y la performance; escrita, dirigida y actuada por Zamira Franco con el acompa\u00f1amiento art\u00edstico [&hellip;]<\/p>\n","protected":false},"author":4,"featured_media":7087,"comment_status":"open","ping_status":"closed","template":"","meta":[],"tags":[],"tribe_events_cat":[],"_links":{"self":[{"href":"https:\/\/elmilagro.org.mx\/st\/wp-json\/wp\/v2\/tribe_events\/7089"}],"collection":[{"href":"https:\/\/elmilagro.org.mx\/st\/wp-json\/wp\/v2\/tribe_events"}],"about":[{"href":"https:\/\/elmilagro.org.mx\/st\/wp-json\/wp\/v2\/types\/tribe_events"}],"author":[{"embeddable":true,"href":"https:\/\/elmilagro.org.mx\/st\/wp-json\/wp\/v2\/users\/4"}],"replies":[{"embeddable":true,"href":"https:\/\/elmilagro.org.mx\/st\/wp-json\/wp\/v2\/comments?post=7089"}],"version-history":[{"count":2,"href":"https:\/\/elmilagro.org.mx\/st\/wp-json\/wp\/v2\/tribe_events\/7089\/revisions"}],"predecessor-version":[{"id":7105,"href":"https:\/\/elmilagro.org.mx\/st\/wp-json\/wp\/v2\/tribe_events\/7089\/revisions\/7105"}],"wp:featuredmedia":[{"embeddable":true,"href":"https:\/\/elmilagro.org.mx\/st\/wp-json\/wp\/v2\/media\/7087"}],"wp:attachment":[{"href":"https:\/\/elmilagro.org.mx\/st\/wp-json\/wp\/v2\/media?parent=7089"}],"wp:term":[{"taxonomy":"post_tag","embeddable":true,"href":"https:\/\/elmilagro.org.mx\/st\/wp-json\/wp\/v2\/tags?post=7089"},{"taxonomy":"tribe_events_cat","embeddable":true,"href":"https:\/\/elmilagro.org.mx\/st\/wp-json\/wp\/v2\/tribe_events_cat?post=7089"}],"curies":[{"name":"wp","href":"https:\/\/api.w.org\/{rel}","templated":true}]}}