{"id":7039,"date":"2024-11-11T22:42:41","date_gmt":"2024-11-12T04:42:41","guid":{"rendered":"https:\/\/elmilagro.org.mx\/st\/?post_type=tribe_events&#038;p=7039"},"modified":"2024-11-11T22:42:41","modified_gmt":"2024-11-12T04:42:41","slug":"lo-comun","status":"publish","type":"tribe_events","link":"https:\/\/elmilagro.org.mx\/st\/funcion\/lo-comun\/","title":{"rendered":"Lo Com\u00fan"},"content":{"rendered":"<h1 dir=\"ltr\"><b><img loading=\"lazy\" class=\"alignnone size-medium wp-image-6983\" src=\"https:\/\/elmilagro.org.mx\/st\/wp-content\/uploads\/2024\/10\/vinil-_-teatro-el-milagro-_-lo-comun-1-300x300.png\" alt=\"\" width=\"300\" height=\"300\" srcset=\"https:\/\/elmilagro.org.mx\/st\/wp-content\/uploads\/2024\/10\/vinil-_-teatro-el-milagro-_-lo-comun-1-300x300.png 300w, https:\/\/elmilagro.org.mx\/st\/wp-content\/uploads\/2024\/10\/vinil-_-teatro-el-milagro-_-lo-comun-1-1024x1024.png 1024w, https:\/\/elmilagro.org.mx\/st\/wp-content\/uploads\/2024\/10\/vinil-_-teatro-el-milagro-_-lo-comun-1-150x150.png 150w, https:\/\/elmilagro.org.mx\/st\/wp-content\/uploads\/2024\/10\/vinil-_-teatro-el-milagro-_-lo-comun-1-1536x1536.png 1536w, https:\/\/elmilagro.org.mx\/st\/wp-content\/uploads\/2024\/10\/vinil-_-teatro-el-milagro-_-lo-comun-1-2048x2048.png 2048w, https:\/\/elmilagro.org.mx\/st\/wp-content\/uploads\/2024\/10\/vinil-_-teatro-el-milagro-_-lo-comun-1-266x266.png 266w\" sizes=\"(max-width: 300px) 100vw, 300px\" \/><\/b><\/h1>\n<h1 dir=\"ltr\"><b>Lo com\u00fan: Work in progress<\/b><\/h1>\n<h4 dir=\"ltr\"><big>Direcci\u00f3n: Sim\u00f3n Franco<\/big><\/h4>\n<h4 dir=\"ltr\"><big>Dramaturgia: Jos\u00e9 Emilio Hern\u00e1ndez\u00a0<\/big><\/h4>\n<p dir=\"ltr\">Lo com\u00fan es una creaci\u00f3n colectiva coordinada por La Compa\u00f1iasauria, bajo la direcci\u00f3n de Sim\u00f3n Franco y la dramaturgia de Jos\u00e9 Emilio Hern\u00e1ndez. Un ensayo esc\u00e9nico en torno a la pregunta: \u00bfC\u00f3mo vivir en com\u00fan?. Los int\u00e9rpretes: Aleks Le\u00f3n, Janeth Pi\u00f1a, Norma Su\u00e1rez y Ulises Mart\u00ednez Mart\u00ednez hacen del espacio esc\u00e9nico su casa, una casa que se cae a pedazos, pero que les sirve de refugio \u00bfContra qu\u00e9? \u00bfLa precariedad, el tiempo, la soledad? Quieren vivir distinto, pero sus vidas est\u00e1n atravesadas por el trabajo y sus relaciones de explotaci\u00f3n y miseria; quieren construir otro mundo en las dimensiones de una casa. El experimento fracasa, vuelven a intentar y tambi\u00e9n vuelven a fracasar. Est\u00e1n quiz\u00e1s atrapados en un ciclo eterno llamado Historia, pero alg\u00fan d\u00eda podr\u00e1n interrumpirlo.<\/p>\n<p>&nbsp;<\/p>\n<p dir=\"ltr\">\u00c9sta es la historia de ese instante.<\/p>\n<p>&nbsp;<\/p>\n<p dir=\"ltr\">Lo com\u00fan celebrar\u00e1 \u00fanicamente dos funciones como parte del Ciclo de Emergentes 2024 de Teatro El Milagro.<\/p>\n<p>&nbsp;<\/p>\n<p dir=\"ltr\">26 nov. 20 h. | 27 nov. 20 h.<\/p>\n<p dir=\"ltr\">\n<p dir=\"ltr\"><strong>Entrada general:<\/strong> $300<\/p>\n<p dir=\"ltr\"><em>Aplican descuentos<\/em><\/p>\n","protected":false},"excerpt":{"rendered":"<p>Lo com\u00fan: Work in progress Direcci\u00f3n: Sim\u00f3n Franco Dramaturgia: Jos\u00e9 Emilio Hern\u00e1ndez\u00a0 Lo com\u00fan es una creaci\u00f3n colectiva coordinada por La Compa\u00f1iasauria, bajo la direcci\u00f3n de Sim\u00f3n Franco y la dramaturgia de Jos\u00e9 Emilio Hern\u00e1ndez. Un ensayo esc\u00e9nico en torno a la pregunta: \u00bfC\u00f3mo vivir en com\u00fan?. Los int\u00e9rpretes: Aleks Le\u00f3n, Janeth Pi\u00f1a, Norma Su\u00e1rez [&hellip;]<\/p>\n","protected":false},"author":4,"featured_media":6983,"comment_status":"open","ping_status":"closed","template":"","meta":[],"tags":[],"tribe_events_cat":[20],"_links":{"self":[{"href":"https:\/\/elmilagro.org.mx\/st\/wp-json\/wp\/v2\/tribe_events\/7039"}],"collection":[{"href":"https:\/\/elmilagro.org.mx\/st\/wp-json\/wp\/v2\/tribe_events"}],"about":[{"href":"https:\/\/elmilagro.org.mx\/st\/wp-json\/wp\/v2\/types\/tribe_events"}],"author":[{"embeddable":true,"href":"https:\/\/elmilagro.org.mx\/st\/wp-json\/wp\/v2\/users\/4"}],"replies":[{"embeddable":true,"href":"https:\/\/elmilagro.org.mx\/st\/wp-json\/wp\/v2\/comments?post=7039"}],"version-history":[{"count":1,"href":"https:\/\/elmilagro.org.mx\/st\/wp-json\/wp\/v2\/tribe_events\/7039\/revisions"}],"predecessor-version":[{"id":7040,"href":"https:\/\/elmilagro.org.mx\/st\/wp-json\/wp\/v2\/tribe_events\/7039\/revisions\/7040"}],"wp:featuredmedia":[{"embeddable":true,"href":"https:\/\/elmilagro.org.mx\/st\/wp-json\/wp\/v2\/media\/6983"}],"wp:attachment":[{"href":"https:\/\/elmilagro.org.mx\/st\/wp-json\/wp\/v2\/media?parent=7039"}],"wp:term":[{"taxonomy":"post_tag","embeddable":true,"href":"https:\/\/elmilagro.org.mx\/st\/wp-json\/wp\/v2\/tags?post=7039"},{"taxonomy":"tribe_events_cat","embeddable":true,"href":"https:\/\/elmilagro.org.mx\/st\/wp-json\/wp\/v2\/tribe_events_cat?post=7039"}],"curies":[{"name":"wp","href":"https:\/\/api.w.org\/{rel}","templated":true}]}}