{"id":7028,"date":"2024-11-11T22:32:28","date_gmt":"2024-11-12T04:32:28","guid":{"rendered":"https:\/\/elmilagro.org.mx\/st\/?post_type=tribe_events&#038;p=7028"},"modified":"2024-11-11T22:32:28","modified_gmt":"2024-11-12T04:32:28","slug":"oc-ye-nechca-3","status":"publish","type":"tribe_events","link":"https:\/\/elmilagro.org.mx\/st\/funcion\/oc-ye-nechca-3\/","title":{"rendered":"Oc Ye Nechca"},"content":{"rendered":"<h1><strong><img loading=\"lazy\" class=\"alignnone size-medium wp-image-6947\" src=\"https:\/\/elmilagro.org.mx\/st\/wp-content\/uploads\/2024\/10\/captura-de-pantalla-2024-10-26-a-las-14.59.48-288x300.png\" alt=\"\" width=\"288\" height=\"300\" srcset=\"https:\/\/elmilagro.org.mx\/st\/wp-content\/uploads\/2024\/10\/captura-de-pantalla-2024-10-26-a-las-14.59.48-288x300.png 288w, https:\/\/elmilagro.org.mx\/st\/wp-content\/uploads\/2024\/10\/captura-de-pantalla-2024-10-26-a-las-14.59.48.png 623w\" sizes=\"(max-width: 288px) 100vw, 288px\" \/><\/strong><\/h1>\n<h1><strong>OC YE NECHCA<\/strong><\/h1>\n<p>\u2022 La compa\u00f1\u00eda teatral CONCIERTO CATORCE vuelve con puesta en escena<br \/>\nbasada en un texto mexicano.<br \/>\n\u2022 Se trata del texto de Jaime Chabaud \u201cOC YE NECHCA (\u00c9RASE UNA VEZ)\u201d.<br \/>\n\u2022 La compa\u00f1\u00eda est\u00e1 conformada por reci\u00e9n egresados de la licenciatura de actuaci\u00f3n<br \/>\nen la escuela mexiquense CASAZUL.<br \/>\n\u2022 Obra bajo la direcci\u00f3n de GABRIELA N\u00da\u00d1EZ y ROX DAMI\u00c1N.<br \/>\n\u2022 Corta temporada en TEATRO EL MILAGRO en el XVII FESTIVAL DE TEATRO EMERGENTE.<\/p>\n<p><em>\u201c\u00bfQu\u00e9 lleva a una persona a migrar? \u00bfHasta d\u00f3nde llegamos por cumplir un sue\u00f1o? \u00bfQu\u00e9<\/em><br \/>\n<em>estamos dispuestos a sacrificar? \u00bfCu\u00e1les son los l\u00edmites de la obediencia ante la autoridad? \u00bfQu\u00e9<\/em><br \/>\n<em>mecanismos usamos para sobrellevar las circunstancias de la guerra? \u00bfQu\u00e9 consecuencias trae la<\/em><br \/>\n<em>guerra? \u00bfC\u00f3mo regresan a casa los combatientes? \u00bfSiguen teniendo casa? \u00bfRegresan?<\/em><br \/>\n<em>Cruz es un migrante mexicano que busca mejores oportunidades de vida al cruzar la frontera con<\/em><br \/>\n<em>Estados Unidos, pero ignora lo que le depara el futuro en un pa\u00eds que no es el suyo.<\/em><\/p>\n<hr \/>\n<ul>\n<li style=\"text-align: left;\">Autor: Jaime Chabaud<\/li>\n<li style=\"text-align: left;\">Director: Gabriela N\u00fa\u00f1ez<\/li>\n<li style=\"text-align: left;\">Compa\u00f1\u00eda: Concierto Catorce<\/li>\n<li style=\"text-align: left;\">Del 15 al 24 de noviembre<\/li>\n<li>Jueves y Viernes 20:00 horas<\/li>\n<li>S\u00e1bado 19:00 horas<\/li>\n<li>Entrada General: $300 <em>Aplican descuentos<\/em><\/li>\n<li>Domingo: 18 horas<\/li>\n<li style=\"text-align: left;\">Duraci\u00f3n: 100 min<\/li>\n<li>P\u00fablico: Mayores de 12 a\u00f1os<\/li>\n<\/ul>\n<p style=\"text-align: left;\">@concierto_catorce<\/p>\n","protected":false},"excerpt":{"rendered":"<p>OC YE NECHCA \u2022 La compa\u00f1\u00eda teatral CONCIERTO CATORCE vuelve con puesta en escena basada en un texto mexicano. \u2022 Se trata del texto de Jaime Chabaud \u201cOC YE NECHCA (\u00c9RASE UNA VEZ)\u201d. \u2022 La compa\u00f1\u00eda est\u00e1 conformada por reci\u00e9n egresados de la licenciatura de actuaci\u00f3n en la escuela mexiquense CASAZUL. \u2022 Obra bajo la [&hellip;]<\/p>\n","protected":false},"author":4,"featured_media":6936,"comment_status":"open","ping_status":"closed","template":"","meta":[],"tags":[],"tribe_events_cat":[20],"_links":{"self":[{"href":"https:\/\/elmilagro.org.mx\/st\/wp-json\/wp\/v2\/tribe_events\/7028"}],"collection":[{"href":"https:\/\/elmilagro.org.mx\/st\/wp-json\/wp\/v2\/tribe_events"}],"about":[{"href":"https:\/\/elmilagro.org.mx\/st\/wp-json\/wp\/v2\/types\/tribe_events"}],"author":[{"embeddable":true,"href":"https:\/\/elmilagro.org.mx\/st\/wp-json\/wp\/v2\/users\/4"}],"replies":[{"embeddable":true,"href":"https:\/\/elmilagro.org.mx\/st\/wp-json\/wp\/v2\/comments?post=7028"}],"version-history":[{"count":1,"href":"https:\/\/elmilagro.org.mx\/st\/wp-json\/wp\/v2\/tribe_events\/7028\/revisions"}],"predecessor-version":[{"id":7032,"href":"https:\/\/elmilagro.org.mx\/st\/wp-json\/wp\/v2\/tribe_events\/7028\/revisions\/7032"}],"wp:featuredmedia":[{"embeddable":true,"href":"https:\/\/elmilagro.org.mx\/st\/wp-json\/wp\/v2\/media\/6936"}],"wp:attachment":[{"href":"https:\/\/elmilagro.org.mx\/st\/wp-json\/wp\/v2\/media?parent=7028"}],"wp:term":[{"taxonomy":"post_tag","embeddable":true,"href":"https:\/\/elmilagro.org.mx\/st\/wp-json\/wp\/v2\/tags?post=7028"},{"taxonomy":"tribe_events_cat","embeddable":true,"href":"https:\/\/elmilagro.org.mx\/st\/wp-json\/wp\/v2\/tribe_events_cat?post=7028"}],"curies":[{"name":"wp","href":"https:\/\/api.w.org\/{rel}","templated":true}]}}