{"id":7007,"date":"2024-11-11T20:26:04","date_gmt":"2024-11-12T02:26:04","guid":{"rendered":"https:\/\/elmilagro.org.mx\/st\/?post_type=tribe_events&#038;p=7007"},"modified":"2024-11-18T16:39:06","modified_gmt":"2024-11-18T22:39:06","slug":"presentacion-del-libro-el-diablo-entre-las-piernas-de-paz-alicia-garciadiego","status":"publish","type":"tribe_events","link":"https:\/\/elmilagro.org.mx\/st\/funcion\/presentacion-del-libro-el-diablo-entre-las-piernas-de-paz-alicia-garciadiego\/","title":{"rendered":"Presentaci\u00f3n del libro &#8220;El diablo entre las piernas&#8221;, de Paz Alicia Garciadiego"},"content":{"rendered":"<h3>\u00a1No te pierdas la presentaci\u00f3n del libro <em>El Diablo entre las piernas<\/em> de Paz Alicia Garciadiego!<\/h3>\n<p><img loading=\"lazy\" class=\"size-medium wp-image-7045 alignleft\" src=\"https:\/\/elmilagro.org.mx\/st\/wp-content\/uploads\/2024\/11\/eldiabloentrelaspiernas2-scaled-169x300.jpg\" alt=\"\" width=\"169\" height=\"300\" srcset=\"https:\/\/elmilagro.org.mx\/st\/wp-content\/uploads\/2024\/11\/eldiabloentrelaspiernas2-scaled-169x300.jpg 169w, https:\/\/elmilagro.org.mx\/st\/wp-content\/uploads\/2024\/11\/eldiabloentrelaspiernas2-scaled-578x1024.jpg 578w, https:\/\/elmilagro.org.mx\/st\/wp-content\/uploads\/2024\/11\/eldiabloentrelaspiernas2-768x1359.jpg 768w, https:\/\/elmilagro.org.mx\/st\/wp-content\/uploads\/2024\/11\/eldiabloentrelaspiernas2-868x1536.jpg 868w, https:\/\/elmilagro.org.mx\/st\/wp-content\/uploads\/2024\/11\/eldiabloentrelaspiernas2-scaled.jpg 1446w\" sizes=\"(max-width: 169px) 100vw, 169px\" \/><\/p>\n<p>&nbsp;<\/p>\n<p>Este 27 de noviembre, acomp\u00e1\u00f1anos a la Cineteca Nacional para vivir una tarde llena de literatura, cine y grandes personalidades.<\/p>\n<p>\ud83d\udd56 <strong>19:00 hrs<\/strong> | Sala 7 | \u00a1Te esperamos!<br \/>\n\ud83c\udfac Adem\u00e1s, disfruta de la pel\u00edcula de Arturo Ripstein a las 16:00 y 20:30 hrs. \u00a1Un evento \u00fanico!<\/p>\n","protected":false},"excerpt":{"rendered":"<p>\u00a1No te pierdas la presentaci\u00f3n del libro El Diablo entre las piernas de Paz Alicia Garciadiego! &nbsp; Este 27 de noviembre, acomp\u00e1\u00f1anos a la Cineteca Nacional para vivir una tarde llena de literatura, cine y grandes personalidades. \ud83d\udd56 19:00 hrs | Sala 7 | \u00a1Te esperamos! \ud83c\udfac Adem\u00e1s, disfruta de la pel\u00edcula de Arturo Ripstein [&hellip;]<\/p>\n","protected":false},"author":4,"featured_media":7004,"comment_status":"open","ping_status":"closed","template":"","meta":[],"tags":[],"tribe_events_cat":[],"_links":{"self":[{"href":"https:\/\/elmilagro.org.mx\/st\/wp-json\/wp\/v2\/tribe_events\/7007"}],"collection":[{"href":"https:\/\/elmilagro.org.mx\/st\/wp-json\/wp\/v2\/tribe_events"}],"about":[{"href":"https:\/\/elmilagro.org.mx\/st\/wp-json\/wp\/v2\/types\/tribe_events"}],"author":[{"embeddable":true,"href":"https:\/\/elmilagro.org.mx\/st\/wp-json\/wp\/v2\/users\/4"}],"replies":[{"embeddable":true,"href":"https:\/\/elmilagro.org.mx\/st\/wp-json\/wp\/v2\/comments?post=7007"}],"version-history":[{"count":4,"href":"https:\/\/elmilagro.org.mx\/st\/wp-json\/wp\/v2\/tribe_events\/7007\/revisions"}],"predecessor-version":[{"id":7049,"href":"https:\/\/elmilagro.org.mx\/st\/wp-json\/wp\/v2\/tribe_events\/7007\/revisions\/7049"}],"wp:featuredmedia":[{"embeddable":true,"href":"https:\/\/elmilagro.org.mx\/st\/wp-json\/wp\/v2\/media\/7004"}],"wp:attachment":[{"href":"https:\/\/elmilagro.org.mx\/st\/wp-json\/wp\/v2\/media?parent=7007"}],"wp:term":[{"taxonomy":"post_tag","embeddable":true,"href":"https:\/\/elmilagro.org.mx\/st\/wp-json\/wp\/v2\/tags?post=7007"},{"taxonomy":"tribe_events_cat","embeddable":true,"href":"https:\/\/elmilagro.org.mx\/st\/wp-json\/wp\/v2\/tribe_events_cat?post=7007"}],"curies":[{"name":"wp","href":"https:\/\/api.w.org\/{rel}","templated":true}]}}