{"id":6335,"date":"2024-06-17T16:37:06","date_gmt":"2024-06-17T21:37:06","guid":{"rendered":"https:\/\/elmilagro.org.mx\/st\/?post_type=tribe_events&#038;p=6335"},"modified":"2024-06-17T17:18:09","modified_gmt":"2024-06-17T22:18:09","slug":"hablar-de-nora-ensayo-sobre-casa-de-munecas","status":"publish","type":"tribe_events","link":"https:\/\/elmilagro.org.mx\/st\/funcion\/hablar-de-nora-ensayo-sobre-casa-de-munecas\/","title":{"rendered":"Hablar de Nora, ensayo sobre Casa de mu\u00f1ecas"},"content":{"rendered":"<h3 class=\"shortcode-heading mk-fancy-title pattern-style align-left \">\u201cHABLAR DE NORA, ENSAYO SOBRE CASA DE MU\u00d1ECAS\u201d<\/h3>\n<p><strong>Del Jueves 25 al 4 de agosto Delirio Teatro presenta en El Milagro, \u201cHablar de Nora, ensayo sobre Casa de mu\u00f1ecas\u201d, un eco cr\u00edtico, una reinterepetaci\u00f3n desafiante que no busca eclipsar la esencia de la obra de Ibsen, sino abrazarla y traerla a nuestro presente con renovado fervor.\u00a0<\/strong><\/p>\n<p>A lo largo de su historia, Delirio Teatro se ha destacado por su compromiso social, pero sobre todo por su dedicaci\u00f3n a la producci\u00f3n de obras de alta calidad. Actualmente, la compa\u00f1\u00eda es beneficiaria del apoyo de\u00a0 M\u00e9xico en Escena \u2013 Grupos Art\u00edsticos (2022-2024).<\/p>\n<p><strong>Fechas de la temporada:<\/strong><\/p>\n<ul>\n<li>Del 25 de julio al 4 de agosto.Jueves y Viernes 20 hrs. S\u00e1bado 19 hrs. Domingo 18 hrs.<\/li>\n<\/ul>\n","protected":false},"excerpt":{"rendered":"<p>\u201cHABLAR DE NORA, ENSAYO SOBRE CASA DE MU\u00d1ECAS\u201d Del Jueves 25 al 4 de agosto Delirio Teatro presenta en El Milagro, \u201cHablar de Nora, ensayo sobre Casa de mu\u00f1ecas\u201d, un eco cr\u00edtico, una reinterepetaci\u00f3n desafiante que no busca eclipsar la esencia de la obra de Ibsen, sino abrazarla y traerla a nuestro presente con renovado [&hellip;]<\/p>\n","protected":false},"author":4,"featured_media":6329,"comment_status":"open","ping_status":"closed","template":"","meta":[],"tags":[],"tribe_events_cat":[],"_links":{"self":[{"href":"https:\/\/elmilagro.org.mx\/st\/wp-json\/wp\/v2\/tribe_events\/6335"}],"collection":[{"href":"https:\/\/elmilagro.org.mx\/st\/wp-json\/wp\/v2\/tribe_events"}],"about":[{"href":"https:\/\/elmilagro.org.mx\/st\/wp-json\/wp\/v2\/types\/tribe_events"}],"author":[{"embeddable":true,"href":"https:\/\/elmilagro.org.mx\/st\/wp-json\/wp\/v2\/users\/4"}],"replies":[{"embeddable":true,"href":"https:\/\/elmilagro.org.mx\/st\/wp-json\/wp\/v2\/comments?post=6335"}],"version-history":[{"count":4,"href":"https:\/\/elmilagro.org.mx\/st\/wp-json\/wp\/v2\/tribe_events\/6335\/revisions"}],"predecessor-version":[{"id":6355,"href":"https:\/\/elmilagro.org.mx\/st\/wp-json\/wp\/v2\/tribe_events\/6335\/revisions\/6355"}],"wp:featuredmedia":[{"embeddable":true,"href":"https:\/\/elmilagro.org.mx\/st\/wp-json\/wp\/v2\/media\/6329"}],"wp:attachment":[{"href":"https:\/\/elmilagro.org.mx\/st\/wp-json\/wp\/v2\/media?parent=6335"}],"wp:term":[{"taxonomy":"post_tag","embeddable":true,"href":"https:\/\/elmilagro.org.mx\/st\/wp-json\/wp\/v2\/tags?post=6335"},{"taxonomy":"tribe_events_cat","embeddable":true,"href":"https:\/\/elmilagro.org.mx\/st\/wp-json\/wp\/v2\/tribe_events_cat?post=6335"}],"curies":[{"name":"wp","href":"https:\/\/api.w.org\/{rel}","templated":true}]}}