{"id":238,"date":"2017-04-25T17:53:40","date_gmt":"2017-04-25T17:53:40","guid":{"rendered":"http:\/\/bantics.xyz\/bgmil\/?page_id=238"},"modified":"2026-03-17T12:07:52","modified_gmt":"2026-03-17T18:07:52","slug":"promociones","status":"publish","type":"page","link":"https:\/\/elmilagro.org.mx\/st\/promociones\/","title":{"rendered":"Promociones"},"content":{"rendered":"[vc_row][vc_column][mk_fancy_title font_family=&#8221;none&#8221;]\n<h3 style=\"text-align: center;\"><strong><img loading=\"lazy\" class=\"alignnone size-medium wp-image-2995\" src=\"https:\/\/elmilagro.org.mx\/st\/wp-content\/uploads\/2020\/04\/90bba910-5079-46eb-a724-94be4afc8bad-300x225.jpeg\" alt=\"\" width=\"300\" height=\"225\" srcset=\"https:\/\/elmilagro.org.mx\/st\/wp-content\/uploads\/2020\/04\/90bba910-5079-46eb-a724-94be4afc8bad-300x225.jpeg 300w, https:\/\/elmilagro.org.mx\/st\/wp-content\/uploads\/2020\/04\/90bba910-5079-46eb-a724-94be4afc8bad.jpeg 630w\" sizes=\"(max-width: 300px) 100vw, 300px\" \/><\/strong><\/h3>\n<p style=\"text-align: center;\">Aprovecha nuestra #<strong>PreventaEspecial\u00a0<\/strong>a precios preferentes para<\/p>\n<p style=\"text-align: center;\">todas nuestras actividades trav\u00e9s de<\/p>\n<h5 style=\"text-align: center;\"><a href=\"https:\/\/boletopolis.com\/es\/agrupacion\/elmilagro\">elmilagro.boletopolis.com<\/a><\/h5>\n[\/mk_fancy_title][mk_fancy_title font_family=&#8221;none&#8221;]<img loading=\"lazy\" class=\"size-medium wp-image-4531 aligncenter\" src=\"https:\/\/elmilagro.org.mx\/st\/wp-content\/uploads\/2022\/11\/2dc8d7ee-33cf-4df9-b574-1f64d51343e9-262x300.jpeg\" alt=\"\" width=\"262\" height=\"300\" srcset=\"https:\/\/elmilagro.org.mx\/st\/wp-content\/uploads\/2022\/11\/2dc8d7ee-33cf-4df9-b574-1f64d51343e9-262x300.jpeg 262w, https:\/\/elmilagro.org.mx\/st\/wp-content\/uploads\/2022\/11\/2dc8d7ee-33cf-4df9-b574-1f64d51343e9-895x1024.jpeg 895w, https:\/\/elmilagro.org.mx\/st\/wp-content\/uploads\/2022\/11\/2dc8d7ee-33cf-4df9-b574-1f64d51343e9-768x879.jpeg 768w, https:\/\/elmilagro.org.mx\/st\/wp-content\/uploads\/2022\/11\/2dc8d7ee-33cf-4df9-b574-1f64d51343e9.jpeg 1000w\" sizes=\"(max-width: 262px) 100vw, 262px\" \/><\/p>\n<p style=\"text-align: center;\">\n<p style=\"text-align: center;\"><img loading=\"lazy\" class=\"alignnone size-medium wp-image-4810\" src=\"https:\/\/elmilagro.org.mx\/st\/wp-content\/uploads\/2023\/02\/promo-cafe-300x217.png\" alt=\"\" width=\"300\" height=\"217\" srcset=\"https:\/\/elmilagro.org.mx\/st\/wp-content\/uploads\/2023\/02\/promo-cafe-300x217.png 300w, https:\/\/elmilagro.org.mx\/st\/wp-content\/uploads\/2023\/02\/promo-cafe-1024x741.png 1024w, https:\/\/elmilagro.org.mx\/st\/wp-content\/uploads\/2023\/02\/promo-cafe-768x556.png 768w, https:\/\/elmilagro.org.mx\/st\/wp-content\/uploads\/2023\/02\/promo-cafe.png 1110w\" sizes=\"(max-width: 300px) 100vw, 300px\" \/><\/p>\n<p style=\"text-align: center;\"><img loading=\"lazy\" class=\"alignnone size-medium wp-image-4622\" src=\"https:\/\/elmilagro.org.mx\/st\/wp-content\/uploads\/2023\/01\/bannertedecimoscomo-300x194.jpg\" alt=\"\" width=\"300\" height=\"194\" srcset=\"https:\/\/elmilagro.org.mx\/st\/wp-content\/uploads\/2023\/01\/bannertedecimoscomo-300x194.jpg 300w, https:\/\/elmilagro.org.mx\/st\/wp-content\/uploads\/2023\/01\/bannertedecimoscomo-1024x663.jpg 1024w, https:\/\/elmilagro.org.mx\/st\/wp-content\/uploads\/2023\/01\/bannertedecimoscomo-768x497.jpg 768w, https:\/\/elmilagro.org.mx\/st\/wp-content\/uploads\/2023\/01\/bannertedecimoscomo-1536x994.jpg 1536w, https:\/\/elmilagro.org.mx\/st\/wp-content\/uploads\/2023\/01\/bannertedecimoscomo-2048x1325.jpg 2048w\" sizes=\"(max-width: 300px) 100vw, 300px\" \/><\/p>\n<p><img loading=\"lazy\" class=\"alignnone size-medium wp-image-4621 aligncenter\" src=\"https:\/\/elmilagro.org.mx\/st\/wp-content\/uploads\/2023\/01\/bannercumpleanos-300x194.jpg\" alt=\"\" width=\"300\" height=\"194\" srcset=\"https:\/\/elmilagro.org.mx\/st\/wp-content\/uploads\/2023\/01\/bannercumpleanos-300x194.jpg 300w, https:\/\/elmilagro.org.mx\/st\/wp-content\/uploads\/2023\/01\/bannercumpleanos-1024x663.jpg 1024w, https:\/\/elmilagro.org.mx\/st\/wp-content\/uploads\/2023\/01\/bannercumpleanos-768x497.jpg 768w, https:\/\/elmilagro.org.mx\/st\/wp-content\/uploads\/2023\/01\/bannercumpleanos-1536x994.jpg 1536w, https:\/\/elmilagro.org.mx\/st\/wp-content\/uploads\/2023\/01\/bannercumpleanos-2048x1325.jpg 2048w\" sizes=\"(max-width: 300px) 100vw, 300px\" \/>[\/mk_fancy_title][vc_column_text css=&#8221;.vc_custom_1773770864918{margin-bottom: 0px !important;}&#8221;]\n<p style=\"text-align: center;\"><strong>Precios vigentes:<\/strong><\/p>\n<p style=\"text-align: center;\">$350 Entrada general.<\/p>\n<p style=\"text-align: center;\">$200 Maestros y vecinos de la alcald\u00eda Cuauht\u00e9moc.<\/p>\n<p style=\"text-align: center;\">$100 Estudiantes, INAPAM y otros d\u00edas que Arte El Milagro A.C determine de acuerdo con sus promociones especiales.<\/p>\n<p style=\"text-align: center;\">$10 Cortes\u00edas.<\/p>\n<p style=\"text-align: center;\"><strong>Reservaciones:<\/strong><\/p>\n<p style=\"text-align: center;\">55351291 (una hora antes de la funci\u00f3n) y 55669423 (10 a 15 hrs)<\/p>\n<p style=\"text-align: center;\">difusionelmilagro@gmail.com<\/p>\n<p style=\"text-align: center;\">Las reservaciones se respetar\u00e1n, sin excepci\u00f3n alguna, hasta 30 minutos antes de la funci\u00f3n. La taquilla abre una hora antes de iniciar la funci\u00f3n.<\/p>\n<p style=\"text-align: center;\">Tambi\u00e9n puede adquirir sus boletos a trav\u00e9s de<\/p>\n<p style=\"text-align: center;\"><a href=\"https:\/\/boletopolis.com\/es\/agrupacion\/elmilagro\"><b>elmilagro.boletopolis.com<\/b><\/a><\/p>\n[\/vc_column_text][\/vc_column][\/vc_row][vc_row][vc_column][\/vc_column][\/vc_row][vc_row][vc_column][\/vc_column][\/vc_row][vc_row][vc_column][\/vc_column][\/vc_row][vc_row][vc_column][\/vc_column][\/vc_row]\n","protected":false},"excerpt":{"rendered":"<p>[vc_row][vc_column][mk_fancy_title font_family=&#8221;none&#8221;] Aprovecha nuestra #PreventaEspecial\u00a0a precios preferentes para todas nuestras actividades trav\u00e9s de elmilagro.boletopolis.com [\/mk_fancy_title][mk_fancy_title font_family=&#8221;none&#8221;] [\/mk_fancy_title][vc_column_text css=&#8221;.vc_custom_1773770864918{margin-bottom: 0px !important;}&#8221;] Precios vigentes: $350 Entrada general. $200 Maestros y vecinos de la alcald\u00eda Cuauht\u00e9moc. $100 Estudiantes, INAPAM y otros d\u00edas que Arte El Milagro A.C determine de acuerdo con sus promociones especiales. $10 Cortes\u00edas. Reservaciones: 55351291 [&hellip;]<\/p>\n","protected":false},"author":4,"featured_media":0,"parent":0,"menu_order":19,"comment_status":"closed","ping_status":"closed","template":"","meta":[],"_links":{"self":[{"href":"https:\/\/elmilagro.org.mx\/st\/wp-json\/wp\/v2\/pages\/238"}],"collection":[{"href":"https:\/\/elmilagro.org.mx\/st\/wp-json\/wp\/v2\/pages"}],"about":[{"href":"https:\/\/elmilagro.org.mx\/st\/wp-json\/wp\/v2\/types\/page"}],"author":[{"embeddable":true,"href":"https:\/\/elmilagro.org.mx\/st\/wp-json\/wp\/v2\/users\/4"}],"replies":[{"embeddable":true,"href":"https:\/\/elmilagro.org.mx\/st\/wp-json\/wp\/v2\/comments?post=238"}],"version-history":[{"count":61,"href":"https:\/\/elmilagro.org.mx\/st\/wp-json\/wp\/v2\/pages\/238\/revisions"}],"predecessor-version":[{"id":8401,"href":"https:\/\/elmilagro.org.mx\/st\/wp-json\/wp\/v2\/pages\/238\/revisions\/8401"}],"wp:attachment":[{"href":"https:\/\/elmilagro.org.mx\/st\/wp-json\/wp\/v2\/media?parent=238"}],"curies":[{"name":"wp","href":"https:\/\/api.w.org\/{rel}","templated":true}]}}